{"id":44,"date":"2020-05-13T14:21:29","date_gmt":"2020-05-13T14:21:29","guid":{"rendered":"http:\/\/fah-bonn.de\/?page_id=44"},"modified":"2025-11-17T08:22:55","modified_gmt":"2025-11-17T08:22:55","slug":"vorstand","status":"publish","type":"page","link":"https:\/\/fah-bonn.de\/?page_id=44","title":{"rendered":"Vorstand"},"content":{"rendered":"\n<h3 class=\"wp-block-heading\">Vorsitzender<\/h3>\n\n\n\n<p>Dr. Frank Poetsch<\/p>\n\n\n\n<figure class=\"wp-block-image size-full is-resized\"><img fetchpriority=\"high\" decoding=\"async\" width=\"631\" height=\"841\" src=\"http:\/\/fah-bonn.de\/wp-content\/uploads\/2025\/10\/2025_Portrait_Poetsch.jpg\" alt=\"\" class=\"wp-image-2230\" style=\"width:241px;height:auto\" srcset=\"https:\/\/fah-bonn.de\/wp-content\/uploads\/2025\/10\/2025_Portrait_Poetsch.jpg 631w, https:\/\/fah-bonn.de\/wp-content\/uploads\/2025\/10\/2025_Portrait_Poetsch-225x300.jpg 225w, https:\/\/fah-bonn.de\/wp-content\/uploads\/2025\/10\/2025_Portrait_Poetsch-300x400.jpg 300w, https:\/\/fah-bonn.de\/wp-content\/uploads\/2025\/10\/2025_Portrait_Poetsch-413x550.jpg 413w, https:\/\/fah-bonn.de\/wp-content\/uploads\/2025\/10\/2025_Portrait_Poetsch-375x500.jpg 375w\" sizes=\"(max-width: 631px) 100vw, 631px\" \/><\/figure>\n\n\n\n<p><\/p>\n\n\n\n<p>Bad Heilbrunner Naturheilmittel GmbH &amp; Co. KG, Bad Heilbrunn<br>Mail:<a href=\"mailto:frank.poetsch@bad-heilbrunner.de\"> frank.poetsch@bad-heilbrunner.de<\/a><\/p>\n\n\n\n<h3 class=\"wp-block-heading\">Stellvertretende Vorsitzende<\/h3>\n\n\n\n<p>Bruno Buss<\/p>\n\n\n\n<figure class=\"wp-block-image size-large is-resized\"><img decoding=\"async\" width=\"200\" height=\"200\" src=\"http:\/\/fah-bonn.de\/wp-content\/uploads\/2020\/05\/buss.jpg\" alt=\"\" class=\"wp-image-157\" style=\"width:210px;height:210px\" srcset=\"https:\/\/fah-bonn.de\/wp-content\/uploads\/2020\/05\/buss.jpg 200w, https:\/\/fah-bonn.de\/wp-content\/uploads\/2020\/05\/buss-150x150.jpg 150w\" sizes=\"(max-width: 200px) 100vw, 200px\" \/><\/figure>\n\n\n\n<p>Bruno Bu\u00df Pharma &#8211; Tech, Bad Zwischenahn<br>Mail: <a href=\"mailto:pharma-tech-scs@bbuss.de\">pharma-tech-scs@bbuss.de<\/a><\/p>\n\n\n\n<p>Prof. Dr. Gerald Huber&nbsp;<\/p>\n\n\n\n<figure class=\"wp-block-image size-large is-resized\"><img decoding=\"async\" width=\"200\" height=\"200\" src=\"http:\/\/fah-bonn.de\/wp-content\/uploads\/2020\/05\/huber.jpg\" alt=\"\" class=\"wp-image-160\" style=\"width:208px;height:208px\" srcset=\"https:\/\/fah-bonn.de\/wp-content\/uploads\/2020\/05\/huber.jpg 200w, https:\/\/fah-bonn.de\/wp-content\/uploads\/2020\/05\/huber-150x150.jpg 150w\" sizes=\"(max-width: 200px) 100vw, 200px\" \/><\/figure>\n\n\n\n<p>DiHeSys GmbH, Schw\u00e4bisch Gm\u00fcnd<br>Mail: <a href=\"mailto:gerald.huber@dihesys.com\">gerald.huber@dihesys.com<\/a><\/p>\n\n\n\n<p><\/p>\n\n\n\n<p><\/p>\n\n\n\n<p><\/p>\n\n\n\n<h3 class=\"wp-block-heading\">Vorsitzender des wissenschaftlichen Ausschusses der FAH<\/h3>\n\n\n\n<p>Prof. Dr.&nbsp;Gerald Huber<\/p>\n\n\n\n<p>DiHeSys GmbH, Schw\u00e4bisch Gm\u00fcnd<br>Mail: <a href=\"mailto:gerald.huber@dihesys.com\">gerald.huber@dihesys.com<\/a><\/p>\n\n\n\n<h3 class=\"wp-block-heading\">Schatzmeister<\/h3>\n\n\n\n<p>Bruno Bu\u00df Pharma &#8211; Tech, Bad Zwischenahn<br>Mail: <a href=\"mailto:bruno.buss@rottendorf.com\">pharma-tech-scs@bbuss.de<\/a><\/p>\n\n\n\n<h3 class=\"wp-block-heading\">Beisitzer<\/h3>\n\n\n\n<p>Dr. Daniela Allhenn<\/p>\n\n\n\n<figure class=\"wp-block-image size-large is-resized\"><img loading=\"lazy\" decoding=\"async\" width=\"986\" height=\"1024\" src=\"https:\/\/fah-bonn.de\/wp-content\/uploads\/2024\/12\/Dr.-Allhenn_mg_2336kl-986x1024.jpg\" alt=\"\" class=\"wp-image-1793\" style=\"width:212px;height:auto\" srcset=\"https:\/\/fah-bonn.de\/wp-content\/uploads\/2024\/12\/Dr.-Allhenn_mg_2336kl-986x1024.jpg 986w, https:\/\/fah-bonn.de\/wp-content\/uploads\/2024\/12\/Dr.-Allhenn_mg_2336kl-289x300.jpg 289w, https:\/\/fah-bonn.de\/wp-content\/uploads\/2024\/12\/Dr.-Allhenn_mg_2336kl-768x797.jpg 768w, https:\/\/fah-bonn.de\/wp-content\/uploads\/2024\/12\/Dr.-Allhenn_mg_2336kl-465x483.jpg 465w, https:\/\/fah-bonn.de\/wp-content\/uploads\/2024\/12\/Dr.-Allhenn_mg_2336kl-482x500.jpg 482w, https:\/\/fah-bonn.de\/wp-content\/uploads\/2024\/12\/Dr.-Allhenn_mg_2336kl.jpg 1433w\" sizes=\"(max-width: 986px) 100vw, 986px\" \/><\/figure>\n\n\n\n<p>Pharma Deutschland e. V., Bonn<br>Mail: <a href=\"mailto:allhenn@pharmadeutschland.de\">allhenn@pharmadeutschland.de<\/a><\/p>\n\n\n\n<p><\/p>\n\n\n\n<p>Dr. Torsten Eckardt<\/p>\n\n\n\n<figure class=\"wp-block-image size-full\"><img loading=\"lazy\" decoding=\"async\" width=\"200\" height=\"200\" src=\"http:\/\/fah-bonn.de\/wp-content\/uploads\/2020\/05\/te.jpg\" alt=\"\" class=\"wp-image-155\" srcset=\"https:\/\/fah-bonn.de\/wp-content\/uploads\/2020\/05\/te.jpg 200w, https:\/\/fah-bonn.de\/wp-content\/uploads\/2020\/05\/te-150x150.jpg 150w\" sizes=\"(max-width: 200px) 100vw, 200px\" \/><\/figure>\n\n\n\n<p>Intechnica Consult GmbH<br>Mail: <a href=\"mailto:Dr.Eckardt@intechnica.de\"><a href=\"mailto:Dr.Eckardt@intechnica.de\">Dr.Eckardt@intechnica.de<\/a><\/a><\/p>\n\n\n\n<p><\/p>\n\n\n\n<p>Dr. Maik Kleinw\u00e4chter<\/p>\n\n\n\n<figure class=\"wp-block-image size-large is-resized\"><img loading=\"lazy\" decoding=\"async\" width=\"731\" height=\"1024\" src=\"https:\/\/fah-bonn.de\/wp-content\/uploads\/2024\/12\/DSC_5118Bew-731x1024.jpg\" alt=\"\" class=\"wp-image-1796\" style=\"width:208px;height:auto\" srcset=\"https:\/\/fah-bonn.de\/wp-content\/uploads\/2024\/12\/DSC_5118Bew-731x1024.jpg 731w, https:\/\/fah-bonn.de\/wp-content\/uploads\/2024\/12\/DSC_5118Bew-214x300.jpg 214w, https:\/\/fah-bonn.de\/wp-content\/uploads\/2024\/12\/DSC_5118Bew-768x1076.jpg 768w, https:\/\/fah-bonn.de\/wp-content\/uploads\/2024\/12\/DSC_5118Bew-1096x1536.jpg 1096w, https:\/\/fah-bonn.de\/wp-content\/uploads\/2024\/12\/DSC_5118Bew-1461x2048.jpg 1461w, https:\/\/fah-bonn.de\/wp-content\/uploads\/2024\/12\/DSC_5118Bew-392x550.jpg 392w, https:\/\/fah-bonn.de\/wp-content\/uploads\/2024\/12\/DSC_5118Bew-357x500.jpg 357w, https:\/\/fah-bonn.de\/wp-content\/uploads\/2024\/12\/DSC_5118Bew.jpg 1500w\" sizes=\"(max-width: 731px) 100vw, 731px\" \/><\/figure>\n\n\n\n<p>Bionorica SE, Neumarkt<br>Mail: <a href=\"mailto:Maik.Kleinwaechter@bionorica.de\">Maik.Kleinwaechter@bionorica.de<\/a><\/p>\n\n\n\n<p>Irmtraud Maria Gerloni<\/p>\n\n\n\n<figure class=\"wp-block-image size-large is-resized\"><img loading=\"lazy\" decoding=\"async\" width=\"683\" height=\"1024\" src=\"http:\/\/fah-bonn.de\/wp-content\/uploads\/2020\/09\/Gerloni-683x1024.jpg\" alt=\"\" class=\"wp-image-885\" style=\"width:214px;height:320px\"\/><\/figure>\n\n\n\n<p>Repha GmbH, Langenhagen<br>Mail: <a href=\"mailto:irmtraudmaria.gerloni@repha.de\">irmtraudmaria.gerloni@repha.de<\/a><\/p>\n\n\n\n<p>Dr. Thomas Meindl<\/p>\n\n\n\n<figure class=\"wp-block-image size-large is-resized\"><img loading=\"lazy\" decoding=\"async\" width=\"1024\" height=\"1024\" src=\"https:\/\/fah-bonn.de\/wp-content\/uploads\/2020\/11\/thomas-meindl.1024x1024-1024x1024.jpg\" alt=\"\" class=\"wp-image-966\" style=\"width:209px;height:209px\" srcset=\"https:\/\/fah-bonn.de\/wp-content\/uploads\/2020\/11\/thomas-meindl.1024x1024.jpg 1024w, https:\/\/fah-bonn.de\/wp-content\/uploads\/2020\/11\/thomas-meindl.1024x1024-300x300.jpg 300w, https:\/\/fah-bonn.de\/wp-content\/uploads\/2020\/11\/thomas-meindl.1024x1024-150x150.jpg 150w, https:\/\/fah-bonn.de\/wp-content\/uploads\/2020\/11\/thomas-meindl.1024x1024-768x768.jpg 768w, https:\/\/fah-bonn.de\/wp-content\/uploads\/2020\/11\/thomas-meindl.1024x1024-465x465.jpg 465w, https:\/\/fah-bonn.de\/wp-content\/uploads\/2020\/11\/thomas-meindl.1024x1024-500x500.jpg 500w\" sizes=\"(max-width: 1024px) 100vw, 1024px\" \/><\/figure>\n\n\n\n<p>Labor LS SE &amp; Co. KG, Bad Bocklet<br>Mail: <a href=\"mailto:thomas.meindl@labor-ls.de\">thomas.meindl@labor-ls.de<\/a><\/p>\n\n\n\n<p>Dr. Ren\u00e9 Roth-Ehrang<\/p>\n\n\n\n<figure class=\"wp-block-image size-large is-resized\"><img loading=\"lazy\" decoding=\"async\" width=\"200\" height=\"200\" src=\"http:\/\/fah-bonn.de\/wp-content\/uploads\/2020\/05\/roth.jpg\" alt=\"\" class=\"wp-image-163\" style=\"width:208px;height:208px\" srcset=\"https:\/\/fah-bonn.de\/wp-content\/uploads\/2020\/05\/roth.jpg 200w, https:\/\/fah-bonn.de\/wp-content\/uploads\/2020\/05\/roth-150x150.jpg 150w\" sizes=\"(max-width: 200px) 100vw, 200px\" \/><\/figure>\n\n\n\n<p>Finzelberg GmbH &amp; Co. KG, Andernach<br>Mail:<a href=\"mailto:rene.roth-ehrang@finzelberg.de\"> rene.roth-ehrang@finzelberg.de<\/a><\/p>\n\n\n\n<p>Dr. Stefan Wissel<\/p>\n\n\n\n<figure class=\"wp-block-image size-large is-resized\"><img loading=\"lazy\" decoding=\"async\" width=\"300\" height=\"300\" src=\"https:\/\/fah-bonn.de\/wp-content\/uploads\/2020\/11\/Wissel_Portrait.jpg\" alt=\"\" class=\"wp-image-970\" style=\"width:208px;height:208px\" srcset=\"https:\/\/fah-bonn.de\/wp-content\/uploads\/2020\/11\/Wissel_Portrait.jpg 300w, https:\/\/fah-bonn.de\/wp-content\/uploads\/2020\/11\/Wissel_Portrait-150x150.jpg 150w\" sizes=\"(max-width: 300px) 100vw, 300px\" \/><\/figure>\n\n\n\n<p>HWI pharma services GmbH, R\u00fclzheim<br>Mail: <a href=\"mailto:s.wissel@hwi-group.de\">s<\/a><a href=\"mailto:s.wissel@hwi-group.de\">.wissel@hwi-group.de<\/a><\/p>\n","protected":false},"excerpt":{"rendered":"<p>Vorsitzender Dr. Frank Poetsch Bad Heilbrunner Naturheilmittel GmbH &amp; Co. KG, Bad HeilbrunnMail: frank.poetsch@bad-heilbrunner.de Stellvertretende Vorsitzende Bruno Buss Bruno Bu\u00df Pharma &#8211; Tech, Bad ZwischenahnMail: pharma-tech-scs@bbuss.de Prof. Dr. Gerald Huber&nbsp; DiHeSys GmbH, Schw\u00e4bisch Gm\u00fcndMail: gerald.huber@dihesys.com Vorsitzender des wissenschaftlichen Ausschusses der FAH Prof. Dr.&nbsp;Gerald Huber DiHeSys GmbH, Schw\u00e4bisch Gm\u00fcndMail: gerald.huber@dihesys.com Schatzmeister<span class=\"more-link\"><a href=\"https:\/\/fah-bonn.de\/?page_id=44\">Weiterlesen<\/a><\/span><\/p>\n","protected":false},"author":1,"featured_media":0,"parent":0,"menu_order":0,"comment_status":"closed","ping_status":"closed","template":"","meta":{"footnotes":""},"class_list":["entry","author-hoffmann","post-44","page","type-page","status-publish"],"_links":{"self":[{"href":"https:\/\/fah-bonn.de\/index.php?rest_route=\/wp\/v2\/pages\/44","targetHints":{"allow":["GET"]}}],"collection":[{"href":"https:\/\/fah-bonn.de\/index.php?rest_route=\/wp\/v2\/pages"}],"about":[{"href":"https:\/\/fah-bonn.de\/index.php?rest_route=\/wp\/v2\/types\/page"}],"author":[{"embeddable":true,"href":"https:\/\/fah-bonn.de\/index.php?rest_route=\/wp\/v2\/users\/1"}],"replies":[{"embeddable":true,"href":"https:\/\/fah-bonn.de\/index.php?rest_route=%2Fwp%2Fv2%2Fcomments&post=44"}],"version-history":[{"count":40,"href":"https:\/\/fah-bonn.de\/index.php?rest_route=\/wp\/v2\/pages\/44\/revisions"}],"predecessor-version":[{"id":2280,"href":"https:\/\/fah-bonn.de\/index.php?rest_route=\/wp\/v2\/pages\/44\/revisions\/2280"}],"wp:attachment":[{"href":"https:\/\/fah-bonn.de\/index.php?rest_route=%2Fwp%2Fv2%2Fmedia&parent=44"}],"curies":[{"name":"wp","href":"https:\/\/api.w.org\/{rel}","templated":true}]}}